{"id":14,"date":"2021-08-17T11:44:13","date_gmt":"2021-08-17T15:44:13","guid":{"rendered":"https:\/\/www.transportlouispouliot.com\/?page_id=14"},"modified":"2024-10-21T10:52:56","modified_gmt":"2024-10-21T14:52:56","slug":"nos-services","status":"publish","type":"page","link":"https:\/\/www.transportlouispouliot.com\/fr\/nos-services\/","title":{"rendered":"Nos services"},"content":{"rendered":"<div class=\"services\">\n<section class=\"h1-container\">\n<div class=\"container\">\n<div class=\"row justify-content-center justify-content-xl-start\">\n<div class=\"col-auto\">\n<div class=\"lc-block\">\n<div lc-helper=\"shortcode\" class=\"live-shortcode\"><div class=\"h1-div\"><h1>Transport<br class=\"d-md-none\"> Louis Pouliot<strong>Transport routier le jour m\u00eame<br \/> r\u00e9gion m\u00e9tropolitaine de Montr\u00e9al<\/strong><\/h1><a class=\"contact btn\" href=\"https:\/\/www.transportlouispouliot.com\/fr\/estimation\/\" aria-label=\"Demandez une estimation\">Demandez une estimation<\/a><\/div><\/div>\n<\/p><\/div>\n<p><!-- \/lc-block -->\n\t\t\t\t<\/div>\n<p><!-- \/col -->\n\t\t\t<\/div>\n<\/p><\/div>\n<\/section>\n<section class=\"text-container\">\n<div class=\"container\">\n<div class=\"row\">\n<div class=\"col-12 col-xl-6\">\n<div class=\"lc-block\">\n<div editable=\"rich\">\n<h2>Transport routier local \u00e0 Montr\u00e9al et ses environs<\/h2>\n<p>Chez Transport Louis Pouliot, nous r\u00e9pondons aux besoins en transport industriel, commercial et agricole dans toute la r\u00e9gion m\u00e9tropolitaine de Montr\u00e9al et plus particuli\u00e8rement le Grand Montr\u00e9al, Laval, Saint-J\u00e9r\u00f4me, Rive Sud, Saint-Hyacinthe, Saint-Jean sur Richelieu et Salaberry-de-Valleyfield.<\/p>\n<\/p><\/div>\n<\/p><\/div>\n<p><!-- \/lc-block --><\/p>\n<div class=\"row\">\n<div class=\"col-12 col-md-4\">\n<div editable=\"rich\" class=\"service-icon\">\n\t\t\t\t\t\t\t\t<img decoding=\"async\" src=\"https:\/\/www.transportlouispouliot.com\/wp-content\/themes\/yannickweb-child\/assets\/images\/main-service-icon.png\" class=\"mx-auto d-block\" alt=\"\"><\/p>\n<p>Service professionnel et courtois au meilleur rapport qualit\u00e9-prix<\/p>\n<\/p><\/div>\n<\/p><\/div>\n<div class=\"col-12 col-md-4\">\n<div editable=\"rich\" class=\"service-icon\">\n\t\t\t\t\t\t\t\t<img decoding=\"async\" src=\"https:\/\/www.transportlouispouliot.com\/wp-content\/themes\/yannickweb-child\/assets\/images\/mise-a-jour-icon.png\" class=\"mx-auto d-block\" alt=\"\"><\/p>\n<p>Service le jour m\u00eame<\/p>\n<\/p><\/div>\n<\/p><\/div>\n<div class=\"col-12 col-md-4\">\n<div editable=\"rich\" class=\"service-icon\">\n\t\t\t\t\t\t\t\t<img decoding=\"async\" src=\"https:\/\/www.transportlouispouliot.com\/wp-content\/themes\/yannickweb-child\/assets\/images\/location-icon.png\" class=\"mx-auto d-block\" alt=\"\"><\/p>\n<p>Location de remorque et service personnalis\u00e9<\/p>\n<\/p><\/div>\n<\/p><\/div>\n<\/p><\/div>\n<div class=\"lc-block\">\n<div lc-helper=\"shortcode\" class=\"live-shortcode\"><a class=\"contact btn\" href=\"https:\/\/www.transportlouispouliot.com\/fr\/estimation\/\" aria-label=\"Demandez une estimation\">Demandez une estimation<\/a><\/div>\n<\/p><\/div>\n<p><!-- \/lc-block -->\n\t\t\t\t<\/div>\n<p><!-- \/col --><\/p>\n<div class=\"col-xl-6 d-none d-xl-block\">\n<div class=\"lc-block side-image-right\">\n\t\t\t\t\t\t<picture><source srcset=\"https:\/\/www.transportlouispouliot.com\/wp-content\/uploads\/2021\/09\/Page3_1ere-1.webp\" type=\"image\/webp\"><picture><source srcset=\"https:\/\/www.transportlouispouliot.com\/wp-content\/uploads\/2021\/09\/Page3_1ere-1.webp\" type=\"image\/webp\"><img decoding=\"async\" class=\"img-fluid\" src=\"https:\/\/www.transportlouispouliot.com\/wp-content\/uploads\/2021\/09\/Page3_1ere-1.jpg\" alt=\"\"><\/picture><\/picture>\n\t\t\t\t\t<\/div>\n<p><!-- \/lc-block -->\n\t\t\t\t<\/div>\n<p><!-- \/col -->\n\t\t\t<\/div>\n<\/p><\/div>\n<\/section>\n<section class=\"text-container\">\n<div class=\"container\">\n<div class=\"row\">\n<div class=\"col-xl-6 d-none d-xl-block\">\n<div class=\"lc-block side-image-left\">\n\t\t\t\t\t\t<picture><source srcset=\"https:\/\/www.transportlouispouliot.com\/wp-content\/uploads\/2021\/08\/Page3_2eme.webp\" type=\"image\/webp\"><picture><source srcset=\"https:\/\/www.transportlouispouliot.com\/wp-content\/uploads\/2021\/08\/Page3_2eme.webp\" type=\"image\/webp\"><img decoding=\"async\" class=\"img-fluid\" src=\"https:\/\/www.transportlouispouliot.com\/wp-content\/uploads\/2021\/08\/Page3_2eme.png\" alt=\"\"><\/picture><\/picture>\n\t\t\t\t\t<\/div>\n<p><!-- \/lc-block -->\n\t\t\t\t<\/div>\n<p><!-- \/col --><\/p>\n<div class=\"col-12 col-xl-6\">\n<div class=\"lc-block\">\n<div editable=\"rich\">\n<h2>Transport marchandise g\u00e9n\u00e9rale \u00e0 Montr\u00e9al et ses environs<\/h2>\n<p>Chez Transport Louis Pouliot, nous assurons le transport de toutes les marchandises en mettant \u00e0 votre disposition nos camions et camions-remorques dans toute la r\u00e9gion m\u00e9tropolitaine de Montr\u00e9al.<\/p>\n<p>Quel que soit votre domaine et secteur d\u2019activit\u00e9, d\u00e9l\u00e9guez le transport de marchandises de votre entrep\u00f4t \u00e0 la destination de votre choix \u00e0 une \u00e9quipe form\u00e9e et encadr\u00e9e pour vous fournir un service courtois, ponctuel et s\u00e9curitaire.<\/p>\n<p>D\u00e9crivez-nous vos besoins de transport de marchandises \u00e0 Montr\u00e9al et nous vous r\u00e9pondrons avec une estimation du service le plus appropri\u00e9 et personnalis\u00e9 pour vous faciliter le travail et vous laisser vous concentrer sur votre m\u00e9tier.<\/p>\n<\/p><\/div>\n<\/p><\/div>\n<p><!-- \/lc-block --><\/p>\n<div class=\"lc-block\">\n<div lc-helper=\"shortcode\" class=\"live-shortcode\"><a class=\"contact btn\" href=\"https:\/\/www.transportlouispouliot.com\/fr\/estimation\/\" aria-label=\"Demandez une estimation\">Demandez une estimation<\/a><\/div>\n<\/p><\/div>\n<p><!-- \/lc-block -->\n\t\t\t\t<\/div>\n<p><!-- \/col -->\n\t\t\t<\/div>\n<\/p><\/div>\n<\/section>\n<section class=\"text-container\">\n<div class=\"container\">\n<div class=\"row\">\n<div class=\"col-12 col-xl-6\">\n<div class=\"lc-block\">\n<div editable=\"rich\">\n<h2>Transport d\u2019\u00e9quipements \u00e0 Montr\u00e9al et ses environs<\/h2>\n<p>Chez Transport Louis Pouliot, nous offrons un service sp\u00e9cialis\u00e9 de transport d\u2019\u00e9quipements ou de machineries aux entreprises, industries et agricoles de la r\u00e9gion m\u00e9tropolitaine de Montr\u00e9al.<\/p>\n<p>Notre \u00e9quipe de chauffeurs professionnels est capable de fournir un service s\u00e9curitaire et dans un d\u00e9lai serr\u00e9 avec une flotte de camions et remorques.<\/p>\n<p>Pour toute demande d\u2019information sur notre service local de transport de mati\u00e8res recyclables, appelez-nous au 450 429-2525 ou faites-nous parvenir votre demande d\u2019information.<\/p>\n<\/p><\/div>\n<\/p><\/div>\n<p><!-- \/lc-block --><\/p>\n<div class=\"lc-block\">\n<div lc-helper=\"shortcode\" class=\"live-shortcode\"><a class=\"contact btn\" href=\"https:\/\/www.transportlouispouliot.com\/fr\/contactez-nous\/\" aria-label=\"Demande d\u2019information\">Demande d\u2019information<\/a><\/div>\n<\/p><\/div>\n<p><!-- \/lc-block -->\n\t\t\t\t<\/div>\n<p><!-- \/col --><\/p>\n<div class=\"col-xl-6 d-none d-xl-block\">\n<div class=\"lc-block side-image-right\">\n\t\t\t\t\t\t<picture><source srcset=\"https:\/\/www.transportlouispouliot.com\/wp-content\/uploads\/2021\/08\/Page3_3eme.webp\" type=\"image\/webp\"><picture><source srcset=\"https:\/\/www.transportlouispouliot.com\/wp-content\/uploads\/2021\/08\/Page3_3eme.webp\" type=\"image\/webp\"><img decoding=\"async\" class=\"img-fluid\" src=\"https:\/\/www.transportlouispouliot.com\/wp-content\/uploads\/2021\/08\/Page3_3eme.png\" alt=\"\"><\/picture><\/picture>\n\t\t\t\t\t<\/div>\n<p><!-- \/lc-block -->\n\t\t\t\t<\/div>\n<p><!-- \/col -->\n\t\t\t<\/div>\n<\/p><\/div>\n<\/section>\n<section class=\"text-container\">\n<div class=\"container\">\n<div class=\"row\">\n<div class=\"col-12 col-xl-6\">\n<div class=\"lc-block h-100\">\n<div class=\"camion\">\n\t\t\t\t\t\t\t<img decoding=\"async\" src=\"https:\/\/www.transportlouispouliot.com\/wp-content\/themes\/yannickweb-child\/assets\/images\/camion-icon.png\" class=\"\" alt=\"\"><\/p>\n<p>Transport routier local le jour m\u00eame dans<br \/> toute la r\u00e9gion m\u00e9tropolitaine de Montr\u00e9al assur\u00e9.<\/p>\n<\/p><\/div>\n<\/p><\/div>\n<p><!-- \/lc-block -->\n\t\t\t\t<\/div>\n<p><!-- \/col --><\/p>\n<div class=\"col-12 col-xl-6\">\n<div class=\"lc-block\">\n<div editable=\"rich\">\n<h2>Secteurs d\u2019activit\u00e9s de nos clients ayant besoin de transport local<\/h2>\n<ul>\n<li>alimentation<\/li>\n<li>automobile<\/li>\n<li>construction<\/li>\n<li>p\u00e2tes et papier<\/li>\n<li>textile<\/li>\n<li>biens de consommation<\/li>\n<li>entretien et hygi\u00e8ne<\/li>\n<li>agriculture<\/li>\n<li>transformation alimentaire<\/li>\n<\/ul><\/div>\n<\/p><\/div>\n<p><!-- \/lc-block --><\/p>\n<div class=\"lc-block\">\n<div lc-helper=\"shortcode\" class=\"live-shortcode\"><a class=\"contact btn\" href=\"https:\/\/www.transportlouispouliot.com\/fr\/estimation\/\" aria-label=\"Demandez une estimation\">Demandez une estimation<\/a><\/div>\n<\/p><\/div>\n<p><!-- \/lc-block -->\n\t\t\t\t<\/div>\n<p><!-- \/col -->\n\t\t\t<\/div>\n<\/p><\/div>\n<\/section>\n<section class=\"text-container\">\n<div class=\"container\">\n<div class=\"row\">\n<div class=\"col-12 col-xl-6\">\n<div class=\"lc-block\">\n<div editable=\"rich\">\n<h2>Transport de mati\u00e8res recyclable \u00e0 Montr\u00e9al et ses environs<\/h2>\n<p>Chez Transport Louis Pouliot, nous prenons en charge le transport du papier, du bois et de toute mati\u00e8re recyclable pour nos clients afin de les lib\u00e9rer de toute la logistique, d\u00e9penses et moyens pour le faire.<\/p>\n<p>Nos chauffeurs qualifi\u00e9s sillonnent toute la r\u00e9gion m\u00e9tropolitaine de Montr\u00e9al avec nos camions pour effectuer la r\u00e9cup\u00e9ration et\/ou livraison des mati\u00e8res recyclables gr\u00e2ce \u00e0 une planification et parcours pr\u00e9\u00e9tablis selon vos exigences et besoins.<\/p>\n<p>Pour toute demande d\u2019information sur notre service de transport local de mati\u00e8res recyclables, appelez-nous au 450 429-2525 ou faites-nous parvenir votre demande d\u2019information.\n\t\t\t\t\t\t\t<\/p>\n<\/p><\/div>\n<\/p><\/div>\n<p><!-- \/lc-block --><\/p>\n<div class=\"lc-block\">\n<div lc-helper=\"shortcode\" class=\"live-shortcode\"><a class=\"contact btn\" href=\"https:\/\/www.transportlouispouliot.com\/fr\/contactez-nous\/\" aria-label=\"Demande d\u2019information\">Demande d\u2019information<\/a><\/div>\n<\/p><\/div>\n<p><!-- \/lc-block -->\n\t\t\t\t<\/div>\n<p><!-- \/col --><\/p>\n<div class=\"col-xl-6 d-none d-xl-block\">\n<div class=\"lc-block side-image-right\">\n\t\t\t\t\t\t<picture><source srcset=\"https:\/\/www.transportlouispouliot.com\/wp-content\/uploads\/2021\/09\/tlp-recyclable-photo.webp\" type=\"image\/webp\"><picture><source srcset=\"https:\/\/www.transportlouispouliot.com\/wp-content\/uploads\/2021\/09\/tlp-recyclable-photo.webp\" type=\"image\/webp\"><img decoding=\"async\" class=\"img-fluid\" src=\"https:\/\/www.transportlouispouliot.com\/wp-content\/uploads\/2021\/09\/tlp-recyclable-photo.png\" alt=\"\"><\/picture><\/picture>\n\t\t\t\t\t<\/div>\n<p><!-- \/lc-block -->\n\t\t\t\t<\/div>\n<p><!-- \/col -->\n\t\t\t<\/div>\n<\/p><\/div>\n<\/section>\n<section class=\"text-container\">\n<div class=\"container\">\n<div class=\"row\">\n<div class=\"col-xl-6 d-none d-xl-block\">\n<div class=\"lc-block side-image-left\">\n\t\t\t\t\t\t<picture><source srcset=\"https:\/\/www.transportlouispouliot.com\/wp-content\/uploads\/2021\/09\/tlp-zone-desservies.webp\" type=\"image\/webp\"><picture><source srcset=\"https:\/\/www.transportlouispouliot.com\/wp-content\/uploads\/2021\/09\/tlp-zone-desservies.webp\" type=\"image\/webp\"><img decoding=\"async\" class=\"img-fluid\" src=\"https:\/\/www.transportlouispouliot.com\/wp-content\/uploads\/2021\/09\/tlp-zone-desservies.png\" alt=\"\"><\/picture><\/picture>\n\t\t\t\t\t<\/div>\n<p><!-- \/lc-block -->\n\t\t\t\t<\/div>\n<p><!-- \/col --><\/p>\n<div class=\"col-12 col-xl-6\">\n<div class=\"lc-block\">\n<div editable=\"rich\">\n<h2>Quelles sont les zones desservies par Transport Louis Pouliot<\/h2>\n<p>Transport Louis Pouliot r\u00e9pond aux besoins de ses clients en transport routier local et location de remorques dans les cinq grands secteurs de la r\u00e9gion m\u00e9tropolitaine de Montr\u00e9al : Laval, Longueuil, Montr\u00e9al et ses couronnes nord et sud.<\/p>\n<p>Chez Transport Louis Pouliot, nous r\u00e9pondons \u00e0 vos besoins de transport routier entre vos entrep\u00f4ts, vos usines, commerces et les principales infrastructures de transport de Montr\u00e9al et les environs.<\/p>\n<p>Quels que soient votre localisation et votre besoin de transport routier, appelez-nous au 450 429-2525 ou faites-nous parvenir votre demande d\u2019information.<\/p>\n<\/p><\/div>\n<\/p><\/div>\n<p><!-- \/lc-block --><\/p>\n<div class=\"lc-block\">\n<div lc-helper=\"shortcode\" class=\"live-shortcode\"><a class=\"contact btn\" href=\"https:\/\/www.transportlouispouliot.com\/fr\/contactez-nous\/\" aria-label=\"Demande d\u2019information\">Demande d\u2019information<\/a><\/div>\n<\/p><\/div>\n<p><!-- \/lc-block -->\n\t\t\t\t<\/div>\n<p><!-- \/col -->\n\t\t\t<\/div>\n<\/p><\/div>\n<\/section>\n<\/div>\n","protected":false},"excerpt":{"rendered":"<p>Transport routier local \u00e0 Montr\u00e9al et ses environs Chez Transport Louis Pouliot, nous r\u00e9pondons aux besoins en transport industriel, commercial et agricole dans toute la r\u00e9gion m\u00e9tropolitaine de Montr\u00e9al et plus particuli\u00e8rement le Grand Montr\u00e9al, Laval, Saint-J\u00e9r\u00f4me, Rive Sud, Saint-Hyacinthe, Saint-Jean sur Richelieu et Salaberry-de-Valleyfield. Service professionnel et courtois au meilleur rapport qualit\u00e9-prix Service le [&hellip;]<\/p>\n","protected":false},"author":1,"featured_media":0,"parent":0,"menu_order":0,"comment_status":"closed","ping_status":"closed","template":"page-templates\/empty.php","meta":{"footnotes":""},"class_list":["post-14","page","type-page","status-publish","hentry"],"_links":{"self":[{"href":"https:\/\/www.transportlouispouliot.com\/fr\/wp-json\/wp\/v2\/pages\/14","targetHints":{"allow":["GET"]}}],"collection":[{"href":"https:\/\/www.transportlouispouliot.com\/fr\/wp-json\/wp\/v2\/pages"}],"about":[{"href":"https:\/\/www.transportlouispouliot.com\/fr\/wp-json\/wp\/v2\/types\/page"}],"author":[{"embeddable":true,"href":"https:\/\/www.transportlouispouliot.com\/fr\/wp-json\/wp\/v2\/users\/1"}],"replies":[{"embeddable":true,"href":"https:\/\/www.transportlouispouliot.com\/fr\/wp-json\/wp\/v2\/comments?post=14"}],"version-history":[{"count":54,"href":"https:\/\/www.transportlouispouliot.com\/fr\/wp-json\/wp\/v2\/pages\/14\/revisions"}],"predecessor-version":[{"id":27322,"href":"https:\/\/www.transportlouispouliot.com\/fr\/wp-json\/wp\/v2\/pages\/14\/revisions\/27322"}],"wp:attachment":[{"href":"https:\/\/www.transportlouispouliot.com\/fr\/wp-json\/wp\/v2\/media?parent=14"}],"curies":[{"name":"wp","href":"https:\/\/api.w.org\/{rel}","templated":true}]}}